{"id":760,"date":"2014-12-16T00:55:46","date_gmt":"2014-12-15T22:55:46","guid":{"rendered":"http:\/\/www.elks2015.eu\/?page_id=760"},"modified":"2015-06-15T00:45:32","modified_gmt":"2015-06-14T22:45:32","slug":"programme","status":"publish","type":"page","link":"https:\/\/www.elks2015.eu\/en\/programme\/","title":{"rendered":"Programme"},"content":{"rendered":"<p style=\"text-align: justify;\"><img loading=\"lazy\" decoding=\"async\" class=\"alignnone size-full wp-image-385\" src=\"https:\/\/www.elks2015.eu\/wp-content\/uploads\/foto_programma2.png\" alt=\"foto_programma2\" width=\"1000\" height=\"300\" srcset=\"https:\/\/www.elks2015.eu\/wp-content\/uploads\/foto_programma2.png 1000w, https:\/\/www.elks2015.eu\/wp-content\/uploads\/foto_programma2-300x90.png 300w, https:\/\/www.elks2015.eu\/wp-content\/uploads\/foto_programma2-994x298.png 994w, https:\/\/www.elks2015.eu\/wp-content\/uploads\/foto_programma2-150x45.png 150w\" sizes=\"auto, (max-width: 1000px) 100vw, 1000px\" \/><\/p>\n<p><a title=\"Grand Song and Dance Concert\" href=\"https:\/\/www.elks2015.eu\/en\/pasakumi\/grand-song-and-dance-concert\/\"><span style=\"color: #800000;\"><strong>Reserve your seat for ELKS grand concert<\/strong><\/span><\/a><br \/>\n<a href=\"https:\/\/www.elks2015.eu\/fr\/pasakumi\/reservez-votre-place-assise-pour-le-grand-concert-elks\/\"><span style=\"color: #800000;\"><strong>R\u00e9servez votre place assise pour le grand concert ELKS<\/strong><\/span><\/a><br \/>\n<a href=\"https:\/\/www.elks2015.eu\/nl\/pasakumi\/reserveer-je-zitplaats-voor-het-elks-concert\/\"><span style=\"color: #800000;\"><strong>Reserveer je zitplaats voor het ELKS concert<\/strong><\/span><\/a><\/p>\n<p><span style=\"text-decoration: underline;\">PLEASE, CLICK ON THE EVENT BELOW TO SEE THE VENUE AND TERMS OF ENTRANCE<\/span>!<\/p>\n<div class=\"row\"><div class=\"large-6 columns\"><h2>18. JUNE<\/h2><p><a class=\"specialp\" href=\"https:\/\/www.elks2015.eu\/en\/pasakumi\/registration-and-tickets-counter\/\">16:00 - 20:00 Souvenirs and tickets&#8217; counter<br><\/a><a class=\"specialp\" href=\"https:\/\/www.elks2015.eu\/en\/pasakumi\/church-service\/\">18:00 - 19:00 Church service<br><\/a><a class=\"specialp\" href=\"https:\/\/www.elks2015.eu\/en\/pasakumi\/dj-burzins\/\">18:30 - 20:00 Latvian language class<br><\/a><a class=\"specialp\" href=\"https:\/\/www.elks2015.eu\/en\/pasakumi\/opening-and-concert-by-viegli-warm-up-by-austrumkalns\/\">20:00 - 23:00 OPENING AND CONCERT BY &#8220;VIEGLI&#8221;. Warm-up by &#8220;Kok\u013cu Zapte&#8221;<br><\/a><\/p><\/div><div class=\"large-6 columns\"><h2>19. JUNE<\/h2><p><a class=\"specialp\" href=\"https:\/\/www.elks2015.eu\/en\/pasakumi\/concert-next-to-the-european-parliament\/\">10:00 - 11:00 Flash-mob concert next to the European Parliament<br><\/a><a class=\"specialp\" href=\"https:\/\/www.elks2015.eu\/en\/pasakumi\/flash-mobs-in-city\/\">12:00 - 14:00 Flash-mobs in city<br><\/a><a class=\"specialp\" href=\"https:\/\/www.elks2015.eu\/en\/pasakumi\/a-jansones-lekcija-tradicionalais-tautas-terps-un-apgerba-attistiba-latvija-19-gs-2\/\">15:00 - 16:30 A. Jansones&#8217; lecture &#8211; Traditional folk costume and clothing development in Latvia in 19th century<br><\/a><a class=\"specialp\" href=\"https:\/\/www.elks2015.eu\/en\/pasakumi\/a-jansones-lekcija-tradicionalais-tautas-terps-un-apgerba-attistiba-latvija-19-gs\/\">18:00 - 19:30 A. Jansones\u2019 lecture \u2013 Traditional folk costume and clothing development in Latvia in 19th century<br><\/a><a class=\"specialp\" href=\"https:\/\/www.elks2015.eu\/en\/pasakumi\/chamber-music-poetry-performances-etc\/\">19:00 - 21:00 Poetry and chamber music performance<br><\/a><a class=\"specialp\" href=\"https:\/\/www.elks2015.eu\/en\/pasakumi\/brussels-latvian-theatre-performance-velreiz-silmacos-in-silmaci-again\/\">20:00 - 22:00 Brussels Latvian Theatre performance \u201cV\u0113lreiz Silma\u010dos\u201d (In Silma\u010di Again)<br><\/a><a class=\"specialp\" href=\"https:\/\/www.elks2015.eu\/en\/pasakumi\/concert-by-astronout-warm-up-by-koklu-zapte\/\">20:00 - 2:00 CONCERT BY &#8220;ASTRO&#8217;N&#8217;OUT&#8221;. Warm-up by &#8220;Austrumkalns&#8221;<br><\/a><\/p><\/div><div class=\"large-6 columns\"><h2>20. JUNE<\/h2><p><a class=\"specialp\" href=\"https:\/\/www.elks2015.eu\/en\/pasakumi\/a-play-for-children-istabas-fabulas\/\">11:00 - 12:00 A play for children &#8220;Istabas fabulas&#8221;<br><\/a><a class=\"specialp\" href=\"https:\/\/www.elks2015.eu\/en\/pasakumi\/adisanas-lekcija-un-meistarklase\/\">13:00 - 16:00 A Workshop and Lecture on Patterned Knitting<br><\/a><a class=\"specialp\" href=\"https:\/\/www.elks2015.eu\/en\/pasakumi\/chamber-music-poetry-performances-etc-2\/\">14:30 - 16:30 Poetry and chamber music performance<br><\/a><a class=\"specialp\" href=\"https:\/\/www.elks2015.eu\/en\/pasakumi\/play-istabas-fabulas-for-children\/\">15:00 - 16:00 A play for children &#8220;Istabas fabulas&#8221;<br><\/a><a class=\"specialp\" href=\"https:\/\/www.elks2015.eu\/en\/pasakumi\/grand-song-and-dance-concert\/\">18:00 - 21:00 Grand Song and Dance Concert<br><\/a><a class=\"specialp\" href=\"https:\/\/www.elks2015.eu\/en\/pasakumi\/after-party-and-folkdance\/\">22:00 - 04:00 AFTER-PARTY AND FOLKDANCES<br><\/a><\/p><\/div><div class=\"large-6 columns\"><h2>21. JUNE<\/h2><p><a class=\"specialp\" href=\"https:\/\/www.elks2015.eu\/en\/pasakumi\/thank-you-party-concert-by-da-gamba\/\">00:30 - 2:00 CLOSING OF ELKS and concert by &#8220;DAGAMBA&#8221;<br><\/a>12:00 - 15:00 Excursions<br><a class=\"specialp\" href=\"https:\/\/www.elks2015.eu\/en\/pasakumi\/sacred-music-concert-cantata-dievs-tava-zeme-deg-by-lucija-garuta\/\">16:30 - 18:00 Sacred music concert. Cantata &#8220;Dievs, tava zeme deg&#8221; by L\u016bcija Gar\u016bta<br><\/a><\/p><\/div><\/div>\n<h2>Programme for download<\/h2>\n<p>Here you can download ELKS full <a href=\"https:\/\/www.elks2015.eu\/wp-content\/uploads\/Events-in-ELKS.pdf\">programme<\/a>.<\/p>\n<h2>Interactive map of ELKS venues<\/h2>\n<p>And here you seen main <a href=\"https:\/\/www.google.com\/maps\/d\/edit?mid=zRuKezt3MoPs.kwlOt98Lo2iA&amp;usp=sharing\">venues of ELKS events<\/a>.<\/p>\n<h2>Participants<\/h2>\n<p style=\"text-align: justify;\">The registration of participants is closed now. This is a list of ELKS participants:<\/p>\n<p>Briseles Latvie\u0161u koris (Be\u013c\u0123ija)<br \/>\n&#8220;Le Ch\u0153ur de la Vall\u00e9e&#8221; (Be\u013c\u0123ija)<br \/>\nLatvie\u0161u biedr\u012bbas \u012arij\u0101 koris \u201ceLV\u0113\u201d (\u012arija)<br \/>\nJauktais koris &#8220;Sonante&#8221; (Latvija)<br \/>\nLU absolventu koris &#8220;Jubilate&#8221; (Latvija)<br \/>\nBristoles Latvie\u0161u koris (Lielbrit\u0101nija)<br \/>\nLondonas Latvie\u0161u koris (Lielbrit\u0101nija)<br \/>\nStraum\u0113nu jauktais koris (Lielbrit\u0101nija)<br \/>\nKentas graafistes vokaalais ansamblis (Lielbrit\u0101nija)<br \/>\nKoris \u201cMeluz\u012bna\u201d (Luksemburga)<br \/>\nN\u012bderlandes latvie\u0161u apvienotais koris (N\u012bderlande)<br \/>\nOslo latvie\u0161u ansamblis \u201cLaipa\u201d (Norv\u0113\u0123ija)<br \/>\nLatviesu-somu jauktais koris \u201cZieme\u013cmeita\u201d (Somija)<br \/>\nBerl\u012bnes Latvie\u0161u koris (V\u0101cija)<br \/>\nFrankfurtes latvie\u0161u sievie\u0161u koris \u201cSilava\u201d (V\u0101cija)<br \/>\nKoris \u201cKor\u012btis\u201d (V\u0101cija)<br \/>\nG\u0113teborgas Latvie\u0161u koris (Zviedrija)<br \/>\nStokholmas Latvie\u0161u koris (Zviedrija)<\/p>\n<p>Briseles latvie\u0161u dejot\u0101ji (pieaugu\u0161ie) (Be\u013c\u0123ija)<br \/>\nBriseles latvie\u0161u dejot\u0101ji (b\u0113rni) (Be\u013c\u0123ija)<br \/>\nDeju kopa \u201cNemiers\u201d (\u012arija)<br \/>\nTautas deju ansamblis \u201cZ\u012ble\u201d (Latvija)<br \/>\nVid\u0113j\u0101s paaudzes deju kolekt\u012bvs \u201cSiguldietis\u201d (Latvija)<br \/>\nBristoles Latvie\u0161u dan\u010di \u201cRun\u010di un Brun\u010di\u201d (Lielbrit\u0101nija)<br \/>\nDeju kopa \u201cKamoli\u0146\u0161\u201d (Lielbrit\u0101nija)<br \/>\nLondonas Latvie\u0161u tautas deju kopa \u201cLondona Dejo\u201d (Lielbrit\u0101nija)<br \/>\nKentas gr\u0101fistes Latvie\u0161u skolas \u201cGar\u0101 pupa\u201d deju kopa \u201dTrejdeksn\u012b\u0161i\u201d (Lielbrit\u0101nija)<br \/>\nLatvie\u0161u deju kolekt\u012bvs &#8220;Zieme\u013cmeita&#8221; (Norv\u0113\u0123ija)<br \/>\nMinsteres latvie\u0161u deju kopa \u201cMiLaDeKo\u201d (V\u0101cija)<br \/>\n\u0160tutgartes deju kopa \u201cTrejdeksn\u012btis\u201d (V\u0101cija)<br \/>\nTautas deju kopa \u201cLuste\u201d (Sp\u0101nija)<br \/>\n\u0160veices Latvie\u0161u Deju Kopa (\u0160veice)<br \/>\nTautas deju kolekt\u012bvs &#8220;Ziben\u012btis&#8221; (Zviedrija)<\/p>\n<p>Latvie\u0161u Nacion\u0101l\u0101s kult\u016bras biedr\u012bbas Igaunij\u0101 folkloras kopa &#8220;R\u0113vele&#8221; (Igaunija)<br \/>\nRopa\u017eu novada b\u0113rnu un jaunie\u0161u folkloras kopa &#8220;Ogl\u012bte&#8221; (Latvija)<br \/>\nZieme\u013canglijas latvie\u0161u folkloras kopa \u00abD\u016bdalnieki\u00bb (Lielbrit\u0101nija)<br \/>\n\u201cAustrumkalns\u201d (Lielbrit\u0101nija)<br \/>\n\u201cKok\u013cu Zapte\u201d (Lielbrit\u0101nija)<\/p>\n<h2>Guest artists<\/h2>\n<p class=\"Standard\"><span lang=\"EN-IE\" style=\"color: black;\">ELKS special guests will be the musicians from Imants Ziedonis Fund \u201cViegli\u201d and the groups &#8220;Astro\u2019n\u2019out&#8221; and &#8220;Da Gamba&#8221; from Latvia. There will be individual concerts from &#8220;Austrumkalns&#8221; and \u201cKok\u013cu zapte\u201d from the UK, as well as from &#8220;S\u0113j\u0101ne &amp; Grasis&#8221; from Germany.<\/span><\/p>\n<p class=\"Standard\"><span lang=\"EN-IE\" style=\"color: black;\">Folk singer Krist\u012bne K\u0101rkle-Purina has confirmed her participation, and together with her band &#8220;Raxtu Raxti&#8221; will provide musical accompaniment at the grand song and dance concert, and will also play at the post-festival party.<\/span><\/p>\n<p class=\"Standard\">ELKS special event will be the\u00a0literature and chamber music events in Muntpunt on June 19\u00a0and 20. These events have been\u00a0arranged\u00a0by famous Latvian poet\u00a0Juris Kronbergs from Sweden, and will involve Latvian contemporary writters as Inga \u0100bele and Guntars Godi\u0146\u0161, who, accompanied by chamber music performances,\u00a0will introduce audience\u00a0to their work of art. As musicians, you will hear S\u0113j\u0101ne &amp; Grasis from Germany (flute and guitar), Agita Rando (piano) and Valters P\u016bce (cello) with band DAGAMBA.<\/p>\n","protected":false},"excerpt":{"rendered":"<p>Reserve your seat for ELKS grand concert R\u00e9servez votre place assise pour le grand concert ELKS Reserveer je zitplaats voor het ELKS concert PLEASE, CLICK ON THE EVENT BELOW TO SEE THE VENUE AND TERMS OF ENTRANCE! Programme for download Here you can download ELKS full programme. Interactive map of ELKS venues And here you [&hellip;]<\/p>\n","protected":false},"author":6,"featured_media":0,"parent":0,"menu_order":0,"comment_status":"closed","ping_status":"closed","template":"","meta":{"_acf_changed":false,"footnotes":""},"class_list":["post-760","page","type-page","status-publish","hentry"],"acf":[],"yoast_head":"<!-- This site is optimized with the Yoast SEO plugin v27.4 - https:\/\/yoast.com\/product\/yoast-seo-wordpress\/ -->\n<title>Programme - ELKS - European Festival of Latvian Culture<\/title>\n<meta name=\"robots\" content=\"index, follow, max-snippet:-1, max-image-preview:large, max-video-preview:-1\" \/>\n<link rel=\"canonical\" href=\"https:\/\/www.elks2015.eu\/en\/programme\/\" \/>\n<meta property=\"og:locale\" content=\"en_US\" \/>\n<meta property=\"og:type\" content=\"article\" \/>\n<meta property=\"og:title\" content=\"Programme - ELKS - European Festival of Latvian Culture\" \/>\n<meta property=\"og:description\" content=\"Reserve your seat for ELKS grand concert R\u00e9servez votre place assise pour le grand concert ELKS Reserveer je zitplaats voor het ELKS concert PLEASE, CLICK ON THE EVENT BELOW TO SEE THE VENUE AND TERMS OF ENTRANCE! Programme for download Here you can download ELKS full programme. Interactive map of ELKS venues And here you [&hellip;]\" \/>\n<meta property=\"og:url\" content=\"https:\/\/www.elks2015.eu\/en\/programme\/\" \/>\n<meta property=\"og:site_name\" content=\"ELKS - European Festival of Latvian Culture\" \/>\n<meta property=\"article:modified_time\" content=\"2015-06-14T22:45:32+00:00\" \/>\n<meta property=\"og:image\" content=\"https:\/\/www.elks2015.eu\/wp-content\/uploads\/foto_programma2.png\" \/>\n<meta name=\"twitter:label1\" content=\"Est. reading time\" \/>\n\t<meta name=\"twitter:data1\" content=\"3 minutes\" \/>\n<script type=\"application\/ld+json\" class=\"yoast-schema-graph\">{\"@context\":\"https:\\\/\\\/schema.org\",\"@graph\":[{\"@type\":\"WebPage\",\"@id\":\"https:\\\/\\\/www.elks2015.eu\\\/en\\\/programme\\\/\",\"url\":\"https:\\\/\\\/www.elks2015.eu\\\/en\\\/programme\\\/\",\"name\":\"Programme - ELKS - European Festival of Latvian Culture\",\"isPartOf\":{\"@id\":\"https:\\\/\\\/www.elks2015.eu\\\/#website\"},\"primaryImageOfPage\":{\"@id\":\"https:\\\/\\\/www.elks2015.eu\\\/en\\\/programme\\\/#primaryimage\"},\"image\":{\"@id\":\"https:\\\/\\\/www.elks2015.eu\\\/en\\\/programme\\\/#primaryimage\"},\"thumbnailUrl\":\"https:\\\/\\\/www.elks2015.eu\\\/wp-content\\\/uploads\\\/foto_programma2.png\",\"datePublished\":\"2014-12-15T22:55:46+00:00\",\"dateModified\":\"2015-06-14T22:45:32+00:00\",\"breadcrumb\":{\"@id\":\"https:\\\/\\\/www.elks2015.eu\\\/en\\\/programme\\\/#breadcrumb\"},\"inLanguage\":\"en-US\",\"potentialAction\":[{\"@type\":\"ReadAction\",\"target\":[\"https:\\\/\\\/www.elks2015.eu\\\/en\\\/programme\\\/\"]}]},{\"@type\":\"ImageObject\",\"inLanguage\":\"en-US\",\"@id\":\"https:\\\/\\\/www.elks2015.eu\\\/en\\\/programme\\\/#primaryimage\",\"url\":\"https:\\\/\\\/www.elks2015.eu\\\/wp-content\\\/uploads\\\/foto_programma2.png\",\"contentUrl\":\"https:\\\/\\\/www.elks2015.eu\\\/wp-content\\\/uploads\\\/foto_programma2.png\"},{\"@type\":\"BreadcrumbList\",\"@id\":\"https:\\\/\\\/www.elks2015.eu\\\/en\\\/programme\\\/#breadcrumb\",\"itemListElement\":[{\"@type\":\"ListItem\",\"position\":1,\"name\":\"Home\",\"item\":\"https:\\\/\\\/www.elks2015.eu\\\/\"},{\"@type\":\"ListItem\",\"position\":2,\"name\":\"Programme\"}]},{\"@type\":\"WebSite\",\"@id\":\"https:\\\/\\\/www.elks2015.eu\\\/#website\",\"url\":\"https:\\\/\\\/www.elks2015.eu\\\/\",\"name\":\"ELKS - European Festival of Latvian Culture\",\"description\":\"Brussels, 18-21 June 2015\",\"potentialAction\":[{\"@type\":\"SearchAction\",\"target\":{\"@type\":\"EntryPoint\",\"urlTemplate\":\"https:\\\/\\\/www.elks2015.eu\\\/?s={search_term_string}\"},\"query-input\":{\"@type\":\"PropertyValueSpecification\",\"valueRequired\":true,\"valueName\":\"search_term_string\"}}],\"inLanguage\":\"en-US\"}]}<\/script>\n<!-- \/ Yoast SEO plugin. -->","yoast_head_json":{"title":"Programme - ELKS - European Festival of Latvian Culture","robots":{"index":"index","follow":"follow","max-snippet":"max-snippet:-1","max-image-preview":"max-image-preview:large","max-video-preview":"max-video-preview:-1"},"canonical":"https:\/\/www.elks2015.eu\/en\/programme\/","og_locale":"en_US","og_type":"article","og_title":"Programme - ELKS - European Festival of Latvian Culture","og_description":"Reserve your seat for ELKS grand concert R\u00e9servez votre place assise pour le grand concert ELKS Reserveer je zitplaats voor het ELKS concert PLEASE, CLICK ON THE EVENT BELOW TO SEE THE VENUE AND TERMS OF ENTRANCE! Programme for download Here you can download ELKS full programme. Interactive map of ELKS venues And here you [&hellip;]","og_url":"https:\/\/www.elks2015.eu\/en\/programme\/","og_site_name":"ELKS - European Festival of Latvian Culture","article_modified_time":"2015-06-14T22:45:32+00:00","og_image":[{"url":"https:\/\/www.elks2015.eu\/wp-content\/uploads\/foto_programma2.png","type":"","width":"","height":""}],"twitter_misc":{"Est. reading time":"3 minutes"},"schema":{"@context":"https:\/\/schema.org","@graph":[{"@type":"WebPage","@id":"https:\/\/www.elks2015.eu\/en\/programme\/","url":"https:\/\/www.elks2015.eu\/en\/programme\/","name":"Programme - ELKS - European Festival of Latvian Culture","isPartOf":{"@id":"https:\/\/www.elks2015.eu\/#website"},"primaryImageOfPage":{"@id":"https:\/\/www.elks2015.eu\/en\/programme\/#primaryimage"},"image":{"@id":"https:\/\/www.elks2015.eu\/en\/programme\/#primaryimage"},"thumbnailUrl":"https:\/\/www.elks2015.eu\/wp-content\/uploads\/foto_programma2.png","datePublished":"2014-12-15T22:55:46+00:00","dateModified":"2015-06-14T22:45:32+00:00","breadcrumb":{"@id":"https:\/\/www.elks2015.eu\/en\/programme\/#breadcrumb"},"inLanguage":"en-US","potentialAction":[{"@type":"ReadAction","target":["https:\/\/www.elks2015.eu\/en\/programme\/"]}]},{"@type":"ImageObject","inLanguage":"en-US","@id":"https:\/\/www.elks2015.eu\/en\/programme\/#primaryimage","url":"https:\/\/www.elks2015.eu\/wp-content\/uploads\/foto_programma2.png","contentUrl":"https:\/\/www.elks2015.eu\/wp-content\/uploads\/foto_programma2.png"},{"@type":"BreadcrumbList","@id":"https:\/\/www.elks2015.eu\/en\/programme\/#breadcrumb","itemListElement":[{"@type":"ListItem","position":1,"name":"Home","item":"https:\/\/www.elks2015.eu\/"},{"@type":"ListItem","position":2,"name":"Programme"}]},{"@type":"WebSite","@id":"https:\/\/www.elks2015.eu\/#website","url":"https:\/\/www.elks2015.eu\/","name":"ELKS - European Festival of Latvian Culture","description":"Brussels, 18-21 June 2015","potentialAction":[{"@type":"SearchAction","target":{"@type":"EntryPoint","urlTemplate":"https:\/\/www.elks2015.eu\/?s={search_term_string}"},"query-input":{"@type":"PropertyValueSpecification","valueRequired":true,"valueName":"search_term_string"}}],"inLanguage":"en-US"}]}},"_links":{"self":[{"href":"https:\/\/www.elks2015.eu\/en\/wp-json\/wp\/v2\/pages\/760","targetHints":{"allow":["GET"]}}],"collection":[{"href":"https:\/\/www.elks2015.eu\/en\/wp-json\/wp\/v2\/pages"}],"about":[{"href":"https:\/\/www.elks2015.eu\/en\/wp-json\/wp\/v2\/types\/page"}],"author":[{"embeddable":true,"href":"https:\/\/www.elks2015.eu\/en\/wp-json\/wp\/v2\/users\/6"}],"replies":[{"embeddable":true,"href":"https:\/\/www.elks2015.eu\/en\/wp-json\/wp\/v2\/comments?post=760"}],"version-history":[{"count":0,"href":"https:\/\/www.elks2015.eu\/en\/wp-json\/wp\/v2\/pages\/760\/revisions"}],"wp:attachment":[{"href":"https:\/\/www.elks2015.eu\/en\/wp-json\/wp\/v2\/media?parent=760"}],"curies":[{"name":"wp","href":"https:\/\/api.w.org\/{rel}","templated":true}]}}