{"id":816,"date":"2014-12-16T00:56:04","date_gmt":"2014-12-15T22:56:04","guid":{"rendered":"http:\/\/www.elks2015.eu\/?page_id=816"},"modified":"2021-02-14T02:18:33","modified_gmt":"2021-02-14T00:18:33","slug":"participants","status":"publish","type":"page","link":"https:\/\/www.elks2015.eu\/en\/participants\/","title":{"rendered":"Participants"},"content":{"rendered":"<p><img loading=\"lazy\" decoding=\"async\" class=\"alignnone size-full wp-image-383\" src=\"https:\/\/www.elks2015.eu\/wp-content\/uploads\/foto_dalibniekiem2.png\" alt=\"foto_dalibniekiem2\" width=\"1000\" height=\"300\" srcset=\"https:\/\/www.elks2015.eu\/wp-content\/uploads\/foto_dalibniekiem2.png 1000w, https:\/\/www.elks2015.eu\/wp-content\/uploads\/foto_dalibniekiem2-300x90.png 300w, https:\/\/www.elks2015.eu\/wp-content\/uploads\/foto_dalibniekiem2-994x298.png 994w, https:\/\/www.elks2015.eu\/wp-content\/uploads\/foto_dalibniekiem2-150x45.png 150w\" sizes=\"auto, (max-width: 1000px) 100vw, 1000px\" \/><\/p>\n<h2>Schedule<\/h2>\n<div class=\"row\"><div class=\"large-6 columns\"><h2>18. JUNE<\/h2><p>16:00 - 20:00 Registration of participants<br><a class=\"specialp\" href=\"https:\/\/www.elks2015.eu\/en\/pasakumi\/church-service\/\">18:00 - 19:00 Church service<br><\/a><a class=\"specialp\" href=\"https:\/\/www.elks2015.eu\/en\/pasakumi\/opening-and-concert-by-viegli-warm-up-by-austrumkalns\/\">20:00 - 23:00 OPENING AND CONCERT BY &#8220;VIEGLI&#8221;. Warm-up by &#8220;Kok\u013cu Zapte&#8221;<br><\/a><\/p><\/div><div class=\"large-6 columns\"><h2>19. JUNE<\/h2><p>14:00 - 17:00 Dancers&#8217; rehearsal<br>17:00 - 20:00 Choirs&#8217; rehearsal<br><a class=\"specialp\" href=\"https:\/\/www.elks2015.eu\/en\/pasakumi\/concert-by-astronout-warm-up-by-koklu-zapte\/\">20:00 - 2:00 CONCERT BY &#8220;ASTRO&#8217;N&#8217;OUT&#8221;. Warm-up by &#8220;Austrumkalns&#8221;<br><\/a><\/p><\/div><div class=\"large-6 columns\"><h2>20. JUNE<\/h2><p>09:00 - 14:00 Joint rehearsal<br>14:00 - 16:00 Free time<br><a class=\"specialp\" href=\"https:\/\/www.elks2015.eu\/en\/pasakumi\/grand-song-and-dance-concert\/\">18:00 - 21:00 Grand Song and Dance Concert<br><\/a><\/p><\/div><div class=\"large-6 columns\"><h2>21. JUNE<\/h2><p>12:00 - 15:00 Excursions<br><\/p><\/div><\/div>\n<h2>Repertoire for choirs<\/h2>\n<p>Valts P\u016bce, Inese Zandere IK RUDENI VALODI\u0145A Zigmars Liepi\u0146\u0161, latvie\u0161u tautasdziesma ES ATN\u0100CU UGUNTI\u0145U Latvie\u0161u tautasdziesma Imanta Me\u017earaupa apd. KO GAID\u012aJI, S\u0112RDIEN\u012aTE? Latvie\u0161u tautasdziesma J\u0101\u0146a Kalni\u0146a apd. KUR\u0160 PUTNI\u0145IS DZIED TIK KO\u0160I? Latvie\u0161u tautasdziesma Emi\u013ca Melngai\u013ca apd. TUM\u0160A NAKTE, ZA\u013bA Z\u0100LE Latvie\u0161u tautasdziesma Ilonas Rupaines apd. SAULE BRIDA RUDZU LAUKU Latvie\u0161u tautasdziesma Anitas Kuprisas apd. \u0122\u0112RBIES, SAULE, SUDRABOTA Arturs Maskats, latvie\u0161u tautasdziesma J\u0100\u0145U DZIESMA Latvie\u0161u tautasdziesma J\u0113kaba Graubi\u0146a apd. L\u012aGO! Raimonds Tiguls, Rasa Bugavi\u010dute LEC, SAUL\u012aTE Ren\u0101rs Kaupers, Imants Ziedonis MAZ\u0100 BIL\u017dU R\u0100M\u012aT\u012a J\u0101nis L\u016bs\u0113ns, M\u0101ra Z\u0101l\u012bte SAPNIS UN M\u012aLEST\u012aBA J\u0101zeps V\u012btols, Auseklis GAISMAS PILS \u0112riks E\u0161envalds, Anita K\u0101rkli\u0146a DV\u0112SELES DZIESMA Bauma\u0146u K\u0101rlis DIEVS, SV\u0112T\u012a LATVIJU! M\u0101rti\u0146\u0161 Brauns, Rainis SAULE, P\u0112RKONS, DAUGAVA Latvie\u0161u tautasdziesma Jurj\u0101nu Andreja apd. P\u016aT, V\u0112JI\u0145I<\/p>\n<p>Here you can find the <a href=\"https:\/\/www.elks2015.eu\/dalibniekiem\/dziedatajiem\/\">sound files of all voices for the repertoire songs<\/a>.<\/p>\n<h2>Repertoire for dancers<\/h2>\n<p>B\u0113rniem<\/p>\n<ul>\n<li>\u010c\u012bbu, \u010d\u0101bu (L. Jansones hor.) \u2013 var dejot da\u017e\u0101ds p\u0101ru skaits \u00a0(<a href=\"https:\/\/www.elks2015.eu\/wp-content\/uploads\/2014\/09\/Cibu_Cabu.mp3\">Ieraksts<\/a>\u00a0|\u00a0<a href=\"https:\/\/www.elks2015.eu\/wp-content\/uploads\/2014\/09\/Cibu-cabu.pdf\">Apraksts<\/a>\u00a0| <a href=\"https:\/\/www.youtube.com\/watch?v=jtIr4zl7vaQ\" target=\"_blank\" rel=\"noopener noreferrer\">Video<\/a>)<\/li>\n<li>P\u0101ru deju sv\u012bta (A. Melnkalnes hor.) \u2013 var dejot da\u017e\u0101ds p\u0101ru skaits \u00a0(<a href=\"https:\/\/www.elks2015.eu\/wp-content\/uploads\/2014\/09\/latviesu_paru__deju_svita.mp3\">Ieraksts<\/a>\u00a0|\u00a0<a href=\"https:\/\/www.elks2015.eu\/wp-content\/uploads\/2014\/09\/Latviesu-paru-deju-svita-berniem.rar\">Apraksts<\/a>\u00a0| <a href=\"https:\/\/www.youtube.com\/watch?v=r1MpJ4x7kWM\" target=\"_blank\" rel=\"noopener noreferrer\">Video<\/a>)<\/li>\n<\/ul>\n<p>Jaunie\u0161iem<\/p>\n<ul>\n<li>Pavasars (J. Purvina hor.) \u2013 var dejot da\u017e\u0101ds p\u0101ru skaits \u00a0(<a href=\"https:\/\/www.elks2015.eu\/wp-content\/uploads\/2014\/09\/Pavasars.mp3\">Ieraksts<\/a>\u00a0|\u00a0<a href=\"https:\/\/www.elks2015.eu\/wp-content\/uploads\/2014\/09\/Pavasaris.zip\">Apraksts<\/a>\u00a0|\u00a0<a href=\"https:\/\/www.elks2015.eu\/wp-content\/uploads\/2014\/09\/Pavasaris-VARIANTS.zip\">Apraksts (variants)<\/a>\u00a0| <a href=\"https:\/\/www.youtube.com\/watch?v=Pvq3qtUukOk\" target=\"_blank\" rel=\"noopener noreferrer\">Video<\/a>)<\/li>\n<li>Ai, za\u013c\u0101 birztali\u0146a (T. Lubro\u017eas hor.) var dejot da\u017e\u0101ds p\u0101ru skaits \u00a0(<a href=\"https:\/\/www.elks2015.eu\/wp-content\/uploads\/2014\/09\/Ai-zala-birztalina.mp3\">Ieraksts<\/a>\u00a0|\u00a0<a href=\"https:\/\/www.elks2015.eu\/wp-content\/uploads\/2014\/09\/Ai-zala-birztalina.pdf\">Apraksts<\/a>\u00a0| <a href=\"https:\/\/www.youtube.com\/watch?v=No4_WnYhQA0\" target=\"_blank\" rel=\"noopener noreferrer\">Video<\/a>)<\/li>\n<li>Sudmali\u0146as (H. S\u016bnas hor. ) 4 vai 8 p\u0101ru sast\u0101v\u0101 \u00a0(<a href=\"https:\/\/www.elks2015.eu\/wp-content\/uploads\/2014\/09\/Sudmalinas.mp3\">Ieraksts<\/a>\u00a0|\u00a0<a href=\"https:\/\/www.elks2015.eu\/wp-content\/uploads\/2014\/09\/Sudmalinas.zip\">Apraksts<\/a>\u00a0| <a href=\"https:\/\/www.youtube.com\/watch?v=xYB3nCVFy1c\" target=\"_blank\" rel=\"noopener noreferrer\">Video<\/a>)<\/li>\n<\/ul>\n<p>Jaunie\u0161i vai vid\u0113jie<\/p>\n<ul>\n<li>J\u016brmalnieks (\u0112rg\u013ca hor.) 4, 6 vai 8 p\u0101ri \u00a0(<a href=\"https:\/\/www.elks2015.eu\/wp-content\/uploads\/2014\/09\/Jurmalnieks.mp3\">Ieraksts<\/a>\u00a0|\u00a0<a href=\"https:\/\/www.elks2015.eu\/wp-content\/uploads\/2014\/09\/Jurmalnieks.pdf\">Apraksts<\/a>\u00a0| <a href=\"https:\/\/www.youtube.com\/watch?v=F-ohGuPq3yo\" target=\"_blank\" rel=\"noopener noreferrer\">Video<\/a>)<\/li>\n<li>\u010cukai \u0146ukai (M. Simsones hor.) 4, 6 vai 8 p\u0101ri \u00a0(<a href=\"https:\/\/www.elks2015.eu\/wp-content\/uploads\/2014\/09\/Cukai-nukai.mp3\">Ieraksts<\/a>\u00a0|\u00a0<a href=\"https:\/\/www.elks2015.eu\/wp-content\/uploads\/2014\/09\/Cukai-nukai.rar\">Apraksts<\/a>\u00a0| <a href=\"https:\/\/www.youtube.com\/watch?v=XeT3ihjgbxY\" target=\"_blank\" rel=\"noopener noreferrer\">Video<\/a>)<\/li>\n<\/ul>\n<p>Vid\u0113jie<\/p>\n<ul>\n<li>J\u0101\u0146u nakti gunis dega (J. Purvi\u0146a hor.) 4 p\u0101ri + 4 meitas, 6 p\u0101ri + 6 meitas vai 8 p\u0101ri + 8 meitas \u00a0(<a href=\"https:\/\/www.elks2015.eu\/wp-content\/uploads\/2014\/09\/J%C4%81nu-nakti-guns-dega.mp3\">Ieraksts<\/a>\u00a0|\u00a0<a href=\"https:\/\/www.elks2015.eu\/wp-content\/uploads\/2014\/09\/J%C3%A4nu-nakti-gunis-dega-.pdf\">Apraksts<\/a>\u00a0| <a href=\"https:\/\/www.youtube.com\/watch?v=qCurnRQYs7s\" target=\"_blank\" rel=\"noopener noreferrer\">Video<\/a>)<\/li>\n<li>M\u0101rti\u0146dancis (G. Skujas hor.) tikai 4 p\u0101ru sast\u0101v\u0101 \u00a0(<a href=\"https:\/\/www.elks2015.eu\/wp-content\/uploads\/2014\/09\/Martindancis.mp3\">Ieraksts<\/a>\u00a0|\u00a0<a href=\"https:\/\/www.elks2015.eu\/wp-content\/uploads\/2014\/09\/Martndancis.zip\">Apraksts<\/a>\u00a0| <a href=\"https:\/\/www.youtube.com\/watch?v=KbJe5p3SxMc\" target=\"_blank\" rel=\"noopener noreferrer\">Video<\/a>)<\/li>\n<li>K\u016bmas (I. Dre\u013c\u013ca hor.) 4, 6 vai 8 p\u0101ri \u00a0(<a href=\"https:\/\/www.elks2015.eu\/wp-content\/uploads\/2014\/09\/K%C5%ABmas.mp3\">Ieraksts<\/a>\u00a0|\u00a0<a href=\"https:\/\/www.elks2015.eu\/wp-content\/uploads\/2014\/09\/Kumas.zip\">Apraksts<\/a>\u00a0| <a href=\"https:\/\/www.youtube.com\/watch?v=DXchxGC2z5s\" target=\"_blank\" rel=\"noopener noreferrer\">Video<\/a>)<\/li>\n<\/ul>\n<p>Adolescents and middle aged<\/p>\n<ul>\n<li>J\u016brmalnieks (\u0112rg\u013ca hor.) 4, 6 vai 8 p\u0101ri \u00a0(<a href=\"http:\/\/www.acappella.lv\/elks\/wp-content\/uploads\/2014\/09\/Jurmalnieks.mp3\">Ieraksts<\/a>\u00a0|\u00a0<a href=\"http:\/\/www.acappella.lv\/elks\/wp-content\/uploads\/2014\/09\/Jurmalnieks.pdf\">Apraksts<\/a>\u00a0| <a href=\"https:\/\/www.youtube.com\/watch?v=Jn9cd_nplRw\" target=\"_blank\" rel=\"noopener noreferrer\">Video<\/a>)<\/li>\n<li>\u010cukai \u0146ukai (M. Simsones hor.) 4, 6 vai 8 p\u0101ri \u00a0(<a href=\"http:\/\/www.acappella.lv\/elks\/wp-content\/uploads\/2014\/09\/Cukai-nukai.mp3\">Ieraksts<\/a>\u00a0|\u00a0<a href=\"http:\/\/www.acappella.lv\/elks\/wp-content\/uploads\/2014\/09\/Cukai-nukai.rar\">Apraksts<\/a>\u00a0| <a href=\"https:\/\/www.youtube.com\/watch?v=XeT3ihjgbxY\" target=\"_blank\" rel=\"noopener noreferrer\">Video<\/a>)<\/li>\n<\/ul>\n<p>Middle aged<\/p>\n<ul>\n<li>J\u0101\u0146u nakti gunis dega (J. Purvi\u0146a hor.) 4 p\u0101ri + 4 meitas, 6 p\u0101ri + 6 meitas vai 8 p\u0101ri + 8 meitas \u00a0(<a href=\"http:\/\/www.acappella.lv\/elks\/wp-content\/uploads\/2014\/09\/J%C4%81nu-nakti-guns-dega.mp3\">Ieraksts<\/a>\u00a0|\u00a0<a href=\"http:\/\/www.acappella.lv\/elks\/wp-content\/uploads\/2014\/09\/J%C3%A4nu-nakti-gunis-dega-.pdf\">Apraksts<\/a>\u00a0| <a href=\"https:\/\/www.youtube.com\/watch?v=qCurnRQYs7s\" target=\"_blank\" rel=\"noopener noreferrer\">Video<\/a>)<\/li>\n<li>M\u0101rti\u0146dancis (G. Skujas hor.) tikai 4 p\u0101ru sast\u0101v\u0101 \u00a0(<a href=\"http:\/\/www.acappella.lv\/elks\/wp-content\/uploads\/2014\/09\/Martindancis.mp3\">Ieraksts<\/a>\u00a0|\u00a0<a href=\"http:\/\/www.acappella.lv\/elks\/wp-content\/uploads\/2014\/09\/Martndancis.zip\">Apraksts<\/a>\u00a0| <a href=\"https:\/\/www.youtube.com\/watch?v=KbJe5p3SxMc\" target=\"_blank\" rel=\"noopener noreferrer\">Video<\/a>)<\/li>\n<li>K\u016bmas (I. Dre\u013c\u013ca hor.) 4, 6 vai 8 p\u0101ri \u00a0(<a href=\"http:\/\/www.acappella.lv\/elks\/wp-content\/uploads\/2014\/09\/K%C5%ABmas.mp3\">Ieraksts<\/a>\u00a0|\u00a0<a href=\"http:\/\/www.acappella.lv\/elks\/wp-content\/uploads\/2014\/09\/Kumas.zip\">Apraksts<\/a>\u00a0| <a href=\"https:\/\/www.youtube.com\/watch?v=DXchxGC2z5s\" target=\"_blank\" rel=\"noopener noreferrer\">Video<\/a>)<\/li>\n<\/ul>\n<h2><\/h2>\n","protected":false},"excerpt":{"rendered":"<p>Schedule Repertoire for choirs Valts P\u016bce, Inese Zandere IK RUDENI VALODI\u0145A Zigmars Liepi\u0146\u0161, latvie\u0161u tautasdziesma ES ATN\u0100CU UGUNTI\u0145U Latvie\u0161u tautasdziesma Imanta Me\u017earaupa apd. KO GAID\u012aJI, S\u0112RDIEN\u012aTE? Latvie\u0161u tautasdziesma J\u0101\u0146a Kalni\u0146a apd. KUR\u0160 PUTNI\u0145IS DZIED TIK KO\u0160I? Latvie\u0161u tautasdziesma Emi\u013ca Melngai\u013ca apd. TUM\u0160A NAKTE, ZA\u013bA Z\u0100LE Latvie\u0161u tautasdziesma Ilonas Rupaines apd. SAULE BRIDA RUDZU LAUKU Latvie\u0161u [&hellip;]<\/p>\n","protected":false},"author":6,"featured_media":0,"parent":0,"menu_order":0,"comment_status":"closed","ping_status":"closed","template":"","meta":{"_acf_changed":false,"footnotes":""},"class_list":["post-816","page","type-page","status-publish","hentry"],"acf":[],"yoast_head":"<!-- This site is optimized with the Yoast SEO plugin v27.5 - https:\/\/yoast.com\/product\/yoast-seo-wordpress\/ -->\n<title>Participants - ELKS - European Festival of Latvian Culture<\/title>\n<meta name=\"robots\" content=\"index, follow, max-snippet:-1, max-image-preview:large, max-video-preview:-1\" \/>\n<link rel=\"canonical\" href=\"https:\/\/www.elks2015.eu\/en\/participants\/\" \/>\n<meta property=\"og:locale\" content=\"en_US\" \/>\n<meta property=\"og:type\" content=\"article\" \/>\n<meta property=\"og:title\" content=\"Participants - ELKS - European Festival of Latvian Culture\" \/>\n<meta property=\"og:description\" content=\"Schedule Repertoire for choirs Valts P\u016bce, Inese Zandere IK RUDENI VALODI\u0145A Zigmars Liepi\u0146\u0161, latvie\u0161u tautasdziesma ES ATN\u0100CU UGUNTI\u0145U Latvie\u0161u tautasdziesma Imanta Me\u017earaupa apd. KO GAID\u012aJI, S\u0112RDIEN\u012aTE? Latvie\u0161u tautasdziesma J\u0101\u0146a Kalni\u0146a apd. KUR\u0160 PUTNI\u0145IS DZIED TIK KO\u0160I? Latvie\u0161u tautasdziesma Emi\u013ca Melngai\u013ca apd. TUM\u0160A NAKTE, ZA\u013bA Z\u0100LE Latvie\u0161u tautasdziesma Ilonas Rupaines apd. SAULE BRIDA RUDZU LAUKU Latvie\u0161u [&hellip;]\" \/>\n<meta property=\"og:url\" content=\"https:\/\/www.elks2015.eu\/en\/participants\/\" \/>\n<meta property=\"og:site_name\" content=\"ELKS - European Festival of Latvian Culture\" \/>\n<meta property=\"article:modified_time\" content=\"2021-02-14T00:18:33+00:00\" \/>\n<meta property=\"og:image\" content=\"https:\/\/www.elks2015.eu\/wp-content\/uploads\/foto_dalibniekiem2.png\" \/>\n<meta name=\"twitter:label1\" content=\"Est. reading time\" \/>\n\t<meta name=\"twitter:data1\" content=\"2 minutes\" \/>\n<script type=\"application\/ld+json\" class=\"yoast-schema-graph\">{\"@context\":\"https:\\\/\\\/schema.org\",\"@graph\":[{\"@type\":\"WebPage\",\"@id\":\"https:\\\/\\\/www.elks2015.eu\\\/en\\\/participants\\\/\",\"url\":\"https:\\\/\\\/www.elks2015.eu\\\/en\\\/participants\\\/\",\"name\":\"Participants - ELKS - European Festival of Latvian Culture\",\"isPartOf\":{\"@id\":\"https:\\\/\\\/www.elks2015.eu\\\/#website\"},\"primaryImageOfPage\":{\"@id\":\"https:\\\/\\\/www.elks2015.eu\\\/en\\\/participants\\\/#primaryimage\"},\"image\":{\"@id\":\"https:\\\/\\\/www.elks2015.eu\\\/en\\\/participants\\\/#primaryimage\"},\"thumbnailUrl\":\"https:\\\/\\\/www.elks2015.eu\\\/wp-content\\\/uploads\\\/foto_dalibniekiem2.png\",\"datePublished\":\"2014-12-15T22:56:04+00:00\",\"dateModified\":\"2021-02-14T00:18:33+00:00\",\"breadcrumb\":{\"@id\":\"https:\\\/\\\/www.elks2015.eu\\\/en\\\/participants\\\/#breadcrumb\"},\"inLanguage\":\"en-US\",\"potentialAction\":[{\"@type\":\"ReadAction\",\"target\":[\"https:\\\/\\\/www.elks2015.eu\\\/en\\\/participants\\\/\"]}]},{\"@type\":\"ImageObject\",\"inLanguage\":\"en-US\",\"@id\":\"https:\\\/\\\/www.elks2015.eu\\\/en\\\/participants\\\/#primaryimage\",\"url\":\"https:\\\/\\\/www.elks2015.eu\\\/wp-content\\\/uploads\\\/foto_dalibniekiem2.png\",\"contentUrl\":\"https:\\\/\\\/www.elks2015.eu\\\/wp-content\\\/uploads\\\/foto_dalibniekiem2.png\"},{\"@type\":\"BreadcrumbList\",\"@id\":\"https:\\\/\\\/www.elks2015.eu\\\/en\\\/participants\\\/#breadcrumb\",\"itemListElement\":[{\"@type\":\"ListItem\",\"position\":1,\"name\":\"Home\",\"item\":\"https:\\\/\\\/www.elks2015.eu\\\/\"},{\"@type\":\"ListItem\",\"position\":2,\"name\":\"Participants\"}]},{\"@type\":\"WebSite\",\"@id\":\"https:\\\/\\\/www.elks2015.eu\\\/#website\",\"url\":\"https:\\\/\\\/www.elks2015.eu\\\/\",\"name\":\"ELKS - European Festival of Latvian Culture\",\"description\":\"Brussels, 18-21 June 2015\",\"potentialAction\":[{\"@type\":\"SearchAction\",\"target\":{\"@type\":\"EntryPoint\",\"urlTemplate\":\"https:\\\/\\\/www.elks2015.eu\\\/?s={search_term_string}\"},\"query-input\":{\"@type\":\"PropertyValueSpecification\",\"valueRequired\":true,\"valueName\":\"search_term_string\"}}],\"inLanguage\":\"en-US\"}]}<\/script>\n<!-- \/ Yoast SEO plugin. -->","yoast_head_json":{"title":"Participants - ELKS - European Festival of Latvian Culture","robots":{"index":"index","follow":"follow","max-snippet":"max-snippet:-1","max-image-preview":"max-image-preview:large","max-video-preview":"max-video-preview:-1"},"canonical":"https:\/\/www.elks2015.eu\/en\/participants\/","og_locale":"en_US","og_type":"article","og_title":"Participants - ELKS - European Festival of Latvian Culture","og_description":"Schedule Repertoire for choirs Valts P\u016bce, Inese Zandere IK RUDENI VALODI\u0145A Zigmars Liepi\u0146\u0161, latvie\u0161u tautasdziesma ES ATN\u0100CU UGUNTI\u0145U Latvie\u0161u tautasdziesma Imanta Me\u017earaupa apd. KO GAID\u012aJI, S\u0112RDIEN\u012aTE? Latvie\u0161u tautasdziesma J\u0101\u0146a Kalni\u0146a apd. KUR\u0160 PUTNI\u0145IS DZIED TIK KO\u0160I? Latvie\u0161u tautasdziesma Emi\u013ca Melngai\u013ca apd. TUM\u0160A NAKTE, ZA\u013bA Z\u0100LE Latvie\u0161u tautasdziesma Ilonas Rupaines apd. SAULE BRIDA RUDZU LAUKU Latvie\u0161u [&hellip;]","og_url":"https:\/\/www.elks2015.eu\/en\/participants\/","og_site_name":"ELKS - European Festival of Latvian Culture","article_modified_time":"2021-02-14T00:18:33+00:00","og_image":[{"url":"https:\/\/www.elks2015.eu\/wp-content\/uploads\/foto_dalibniekiem2.png","type":"","width":"","height":""}],"twitter_misc":{"Est. reading time":"2 minutes"},"schema":{"@context":"https:\/\/schema.org","@graph":[{"@type":"WebPage","@id":"https:\/\/www.elks2015.eu\/en\/participants\/","url":"https:\/\/www.elks2015.eu\/en\/participants\/","name":"Participants - ELKS - European Festival of Latvian Culture","isPartOf":{"@id":"https:\/\/www.elks2015.eu\/#website"},"primaryImageOfPage":{"@id":"https:\/\/www.elks2015.eu\/en\/participants\/#primaryimage"},"image":{"@id":"https:\/\/www.elks2015.eu\/en\/participants\/#primaryimage"},"thumbnailUrl":"https:\/\/www.elks2015.eu\/wp-content\/uploads\/foto_dalibniekiem2.png","datePublished":"2014-12-15T22:56:04+00:00","dateModified":"2021-02-14T00:18:33+00:00","breadcrumb":{"@id":"https:\/\/www.elks2015.eu\/en\/participants\/#breadcrumb"},"inLanguage":"en-US","potentialAction":[{"@type":"ReadAction","target":["https:\/\/www.elks2015.eu\/en\/participants\/"]}]},{"@type":"ImageObject","inLanguage":"en-US","@id":"https:\/\/www.elks2015.eu\/en\/participants\/#primaryimage","url":"https:\/\/www.elks2015.eu\/wp-content\/uploads\/foto_dalibniekiem2.png","contentUrl":"https:\/\/www.elks2015.eu\/wp-content\/uploads\/foto_dalibniekiem2.png"},{"@type":"BreadcrumbList","@id":"https:\/\/www.elks2015.eu\/en\/participants\/#breadcrumb","itemListElement":[{"@type":"ListItem","position":1,"name":"Home","item":"https:\/\/www.elks2015.eu\/"},{"@type":"ListItem","position":2,"name":"Participants"}]},{"@type":"WebSite","@id":"https:\/\/www.elks2015.eu\/#website","url":"https:\/\/www.elks2015.eu\/","name":"ELKS - European Festival of Latvian Culture","description":"Brussels, 18-21 June 2015","potentialAction":[{"@type":"SearchAction","target":{"@type":"EntryPoint","urlTemplate":"https:\/\/www.elks2015.eu\/?s={search_term_string}"},"query-input":{"@type":"PropertyValueSpecification","valueRequired":true,"valueName":"search_term_string"}}],"inLanguage":"en-US"}]}},"_links":{"self":[{"href":"https:\/\/www.elks2015.eu\/en\/wp-json\/wp\/v2\/pages\/816","targetHints":{"allow":["GET"]}}],"collection":[{"href":"https:\/\/www.elks2015.eu\/en\/wp-json\/wp\/v2\/pages"}],"about":[{"href":"https:\/\/www.elks2015.eu\/en\/wp-json\/wp\/v2\/types\/page"}],"author":[{"embeddable":true,"href":"https:\/\/www.elks2015.eu\/en\/wp-json\/wp\/v2\/users\/6"}],"replies":[{"embeddable":true,"href":"https:\/\/www.elks2015.eu\/en\/wp-json\/wp\/v2\/comments?post=816"}],"version-history":[{"count":0,"href":"https:\/\/www.elks2015.eu\/en\/wp-json\/wp\/v2\/pages\/816\/revisions"}],"wp:attachment":[{"href":"https:\/\/www.elks2015.eu\/en\/wp-json\/wp\/v2\/media?parent=816"}],"curies":[{"name":"wp","href":"https:\/\/api.w.org\/{rel}","templated":true}]}}