{"id":1489,"date":"2014-12-16T00:55:46","date_gmt":"2014-12-15T22:55:46","guid":{"rendered":"http:\/\/www.elks2015.eu\/programme-2\/"},"modified":"2015-06-15T00:48:33","modified_gmt":"2015-06-14T22:48:33","slug":"programme","status":"publish","type":"page","link":"https:\/\/www.elks2015.eu\/nl\/programme\/","title":{"rendered":"Programma"},"content":{"rendered":"<p style=\"text-align: justify;\"><img loading=\"lazy\" decoding=\"async\" class=\"alignnone size-full wp-image-385\" src=\"https:\/\/www.elks2015.eu\/wp-content\/uploads\/foto_programma2.png\" alt=\"foto_programma2\" width=\"1000\" height=\"300\" srcset=\"https:\/\/www.elks2015.eu\/wp-content\/uploads\/foto_programma2.png 1000w, https:\/\/www.elks2015.eu\/wp-content\/uploads\/foto_programma2-300x90.png 300w, https:\/\/www.elks2015.eu\/wp-content\/uploads\/foto_programma2-994x298.png 994w, https:\/\/www.elks2015.eu\/wp-content\/uploads\/foto_programma2-150x45.png 150w\" sizes=\"auto, (max-width: 1000px) 100vw, 1000px\" \/><\/p>\n<p style=\"text-align: justify;\"><a href=\"https:\/\/www.elks2015.eu\/nl\/pasakumi\/reserveer-je-zitplaats-voor-het-elks-concert\/\"><span style=\"color: #800000;\"><strong>Reserveer je zitplaats voor het ELKS concert<\/strong><\/span><\/a><\/p>\n<p>Tijdens ELKS in Muntpunt, in de Agora zaal (foyer) : fototentoonstelling van de in Gent studerende kunstenares Liene Straupe.<\/p>\n<p>Van vrijdag 19\/06 14u tot zaterdag 20\/06 16u, in de Agora zaal : stands van Letse ambachtslui en ondernemers : \u201cDai\u013crade\u201d, \u201cHobbywool\u201d, \u201cMusic Baltica\u201d, \u201cPiebalgas Porcel\u0101na fabrika\u201d (porseleinfabriek van Piebalga); juwelier Laura \u0160mideberga.<\/p>\n<p><span style=\"text-decoration: underline;\">OM TE ZIEN WAAR DE ACTIVITEITEN DOORGAAN, KLIK HIERONDER OP DE TITELS IN HET PROGRAMMA<\/span><\/p>\n<div class=\"row\"><div class=\"large-6 columns\"><h2>18. JUNI<\/h2><p><a class=\"specialp\" href=\"https:\/\/www.elks2015.eu\/nl\/pasakumi\/souvenirs-et-billetterie\/\">16:00 - 20.00 Registratie en ticketverkoop<br><\/a><a class=\"specialp\" href=\"https:\/\/www.elks2015.eu\/nl\/pasakumi\/celebration-religieuse\/\">18.00 - 19.00 Misviering<br><\/a><a class=\"specialp\" href=\"https:\/\/www.elks2015.eu\/nl\/pasakumi\/dj-burzins\/\">18:30 - 20:00 Masterclass Letse taal<br><\/a><a class=\"specialp\" href=\"https:\/\/www.elks2015.eu\/nl\/pasakumi\/ouverture-et-concert-de-viegli-avec-austrumkalns-en-premiere-partie\/\">20:00 - 23.00 OPENING en CONCERT van Fonds VIEGLI, in voorprogramma \u201e Kok\u013cu zapte\u201d uit London<br><\/a><\/p><\/div><div class=\"large-6 columns\"><h2>19. JUNI<\/h2><p><a class=\"specialp\" href=\"https:\/\/www.elks2015.eu\/nl\/pasakumi\/concert-devant-le-parlement-europeen\/\">10.00 - 11.00 Concert \u2013 flashmob bij het Europees Parlement<br><\/a><a class=\"specialp\" href=\"https:\/\/www.elks2015.eu\/nl\/pasakumi\/flash-mobs-dans-la-ville\/\">12.00 - 14.00 Flashmobs in de stad<br><\/a><a class=\"specialp\" href=\"https:\/\/www.elks2015.eu\/nl\/pasakumi\/a-jansones-lekcija-tradicionalais-tautas-terps-un-apgerba-attistiba-latvija-19-gs-2\/\">15:00 - 16:30 Voordracht door A. Jansone \u2013 Traditionele klederdracht en ontwikkeling van de kleding in Letland in de 19de eeuw<br><\/a><a class=\"specialp\" href=\"https:\/\/www.elks2015.eu\/nl\/pasakumi\/a-jansones-lekcija-tradicionalais-tautas-terps-un-apgerba-attistiba-latvija-19-gs\/\">18:00 - 19:30 Voordracht door A. Jansone \u2013 Traditionele klederdracht en ontwikkeling van de kleding in Letland in de 19de eeuw<br><\/a><a class=\"specialp\" href=\"https:\/\/www.elks2015.eu\/nl\/pasakumi\/musique-de-chambre-recitals-de-poesie-etc\/\">19.00 - 21.00 Literatuur en kamermuziekavond \u2013 Soms zijn woorden muziek, maar muziek is een verhaal.<br><\/a><a class=\"specialp\" href=\"https:\/\/www.elks2015.eu\/nl\/pasakumi\/concert-d-astronout-avec-koklu-zapte-en-premiere-partie\/\">20.00 - 2.00 CONCERT van de groep \u201eASTRO\u2019N\u2019OUT\u201d. In voorprogramma \u201eAustrumkalns\u201d uit Groot-Brittani\u00eb<br><\/a><a class=\"specialp\" href=\"https:\/\/www.elks2015.eu\/nl\/pasakumi\/piece-de-theatre-jouee-par-le-brussels-latvian-theatre-velreiz-silmacos-autrefois-a-silmaci\/\">20.00 - 22.00 Voorstelling van het Brusselse Letse Theater : \u201cV\u0113lreiz Silma\u010dos\u201d<br><\/a><\/p><\/div><div class=\"large-6 columns\"><h2>20. JUNI<\/h2><p><a class=\"specialp\" href=\"https:\/\/www.elks2015.eu\/nl\/pasakumi\/a-play-for-children-istabas-fabulas\/\">11:00 - 12:00 Kindervoorstelling \u201cIstabas fabulas\u201d<br><\/a><a class=\"specialp\" href=\"https:\/\/www.elks2015.eu\/nl\/pasakumi\/adisanas-lekcija-un-meistarklase\/\">13:00 - 16:00 Masterclass en les breien<br><\/a><a class=\"specialp\" href=\"https:\/\/www.elks2015.eu\/nl\/pasakumi\/musique-de-chambre-recitals-de-poesie-etc-2\/\">14.30 - 16.30 Literatuur- en kamermuziekvoorstelling &#8211; Soms zijn woorden muziek, maar muziek is een verhaal.<br><\/a><a class=\"specialp\" href=\"https:\/\/www.elks2015.eu\/nl\/pasakumi\/theatre-pour-enfants-istabas-fabulas\/\">15.00 - 16.00 Kindervoorstelling \u201cIstabas fabulas\u201d<br><\/a><a class=\"specialp\" href=\"https:\/\/www.elks2015.eu\/nl\/pasakumi\/reserveer-je-zitplaats-voor-het-elks-concert\/\">18:00 - 21:00 GROOT ZANG- EN DANSCONCERT (Kunstberg)<br><\/a><a class=\"specialp\" href=\"https:\/\/www.elks2015.eu\/nl\/pasakumi\/after-party-et-danses-folkloriques\/\">22.00 - 04.00 GEZAMELIJKE MIDZOMER EN DANSAVOND<br><\/a><\/p><\/div><div class=\"large-6 columns\"><h2>21. JUNI<\/h2><p><a class=\"specialp\" href=\"https:\/\/www.elks2015.eu\/nl\/pasakumi\/fete-de-remerciements-concert-de-dagamba\/\">00.30 - 2.00 ELKS AFSLUITING EN CONCERT VAN DE GROEP \u201cDAGAMBA\u201d<br><\/a>12.00 - 15.00 Excursies<br><a class=\"specialp\" href=\"https:\/\/www.elks2015.eu\/nl\/pasakumi\/concert-de-musique-sacree-cantate-dievs-tava-zeme-deg-dieu-ton-pays-brule-de-lucija-garuta\/\">16:30 - 18:00 Sint Michielskathedraal : Cantate \u201cDievs, Tava zeme deg\u201d (God, uw land staat in brand) van L\u016bcija Gar\u016bta<br><\/a><\/p><\/div><\/div>\n<h2>Full programme for download<\/h2>\n<p><a href=\"https:\/\/www.elks2015.eu\/wp-content\/uploads\/Events-in-ELKS.pdf\">Full programme<\/a><\/p>\n<h2>Map of ELKS venues<\/h2>\n<p><a href=\"https:\/\/www.google.com\/maps\/d\/edit?mid=zRuKezt3MoPs.kwlOt98Lo2iA&amp;usp=sharing\">Map of ELKS venues<\/a><\/p>\n<h2>Deelnemers<\/h2>\n<p>De registratie van deelnemers is gesloten. De deelnemende groepen aan ELKS zijn:<\/p>\n<p>Latvie\u0161u biedr\u012bbas \u012arij\u0101 koris \u201ceLV\u0113\u201d (Ierland)<br \/>\nJauktais koris \u201cSonante\u201d (Letland)<br \/>\nLU absolventu koris \u201cJubilate\u201d (Letland)<br \/>\nBristoles Latvie\u0161u koris (Groot-Brittanni\u00eb)<br \/>\nLondonas Latvie\u0161u koris (Groot-Brittanni\u00eb)<br \/>\nStraum\u0113nu jauktais koris (Groot-Brittanni\u00eb)<br \/>\nKentas graafistes vokaalais ansamblis (Groot-Brittanni\u00eb)<br \/>\nKoris \u201cMeluz\u012bna\u201d (Luxemburg)<br \/>\nN\u012bderlandes latvie\u0161u apvienotais koris (Nederland)<br \/>\nOslo latvie\u0161u ansamblis \u201cLaipa\u201d (Voorwegen)<br \/>\nLatviesu-somu jauktais koris \u201cZieme\u013cmeita\u201d (Finland)<br \/>\nBerl\u012bnes Latvie\u0161u koris (Duitsland)<br \/>\nFrankfurtes latvie\u0161u sievie\u0161u koris \u201cSilava\u201d (Duitsland)<br \/>\nKoris \u201cKor\u012btis\u201d (Duitsland)<br \/>\nG\u0113teborgas Latvie\u0161u koris (Zweden)<br \/>\nStokholmas Latvie\u0161u koris (Zweden)<\/p>\n<p>Briseles latvie\u0161u dejot\u0101ji (pieaugu\u0161ie) (Belgi\u00eb)<br \/>\nBriseles latvie\u0161u dejot\u0101ji (b\u0113rni) (Belgi\u00eb)<br \/>\nDeju kopa \u201cNemiers\u201d (Ierland)<br \/>\nTautas deju ansamblis \u201cZ\u012ble\u201d (Letland)<br \/>\nVid\u0113j\u0101s paaudzes deju kolekt\u012bvs \u201cSiguldietis\u201d (Letland)<br \/>\nBristoles Latvie\u0161u dan\u010di \u201cRun\u010di un Brun\u010di\u201d (Groot-Brittanni\u00eb)<br \/>\nDeju kopa \u201cKamoli\u0146\u0161\u201d (Groot-Brittanni\u00eb)<br \/>\nLondonas Latvie\u0161u tautas deju kopa \u201cLondona Dejo\u201d (Groot-Brittanni\u00eb)<br \/>\nKentas gr\u0101fistes Latvie\u0161u skolas \u201cGar\u0101 pupa\u201d deju kopa \u201dTrejdeksn\u012b\u0161i\u201d (Groot-Brittanni\u00eb)<br \/>\nLatvie\u0161u deju kolekt\u012bvs \u201cZieme\u013cmeita\u201d (Noorwegen)<br \/>\nMinsteres latvie\u0161u deju kopa \u201cMiLaDeKo\u201d (Duitsland)<br \/>\n\u0160tutgartes deju kopa \u201cTrejdeksn\u012btis\u201d (Duitsland)<br \/>\nTautas deju kopa \u201cLuste\u201d (Spanje)<br \/>\n\u0160veices Latvie\u0161u Deju Kopa (Zwitserland)<br \/>\nTautas deju kolekt\u012bvs \u201cZiben\u012btis\u201d (Zweden)<\/p>\n<p>Latvie\u0161u Nacion\u0101l\u0101s kult\u016bras biedr\u012bbas Igaunij\u0101 folkloras kopa \u201cR\u0113vele\u201d (Estland)<br \/>\nRopa\u017eu novada b\u0113rnu un jaunie\u0161u folkloras kopa \u201cOgl\u012bte\u201d (Letland)<br \/>\nZieme\u013canglijas latvie\u0161u folkloras kopa \u00abD\u016bdalnieki\u00bb (Groot-Brittanni\u00eb)<br \/>\n\u201cAustrumkalns\u201d (Groot-Brittanni\u00eb)<br \/>\n\u201cKok\u013cu Zapte\u201d (Groot-Brittanni\u00eb)<\/p>\n<h2>Gastartiesten<\/h2>\n<p>Speciale gasten op ELKS zijn de muzikanten van het Imants Ziedonis Fonds \u201cViegli\u201d, de groepen \u201cAstro\u2019n\u2019out\u201d en \u201cDa Gamba\u201d uit Letland. Austrumkalns\u201d en \u201cKok\u013cu zapte\u201d uit Groot-Brittanni\u00eb en \u201cS\u0113j\u0101ne &amp; Grasis\u201d uit Duitsland geven individuele concerten.<\/p>\n<p>Folk zangeres Krist\u012bne K\u0101rkle-Purina heeft haar deelname bevestigd met haar band \u201cRaxtu Raxti\u201d. Ze zullen de muzikale begeleiding verzorgen van het grote zang- en dansconcert en daarna spelen tijdens de after-party.<\/p>\n","protected":false},"excerpt":{"rendered":"<p>Reserveer je zitplaats voor het ELKS concert Tijdens ELKS in Muntpunt, in de Agora zaal (foyer) : fototentoonstelling van de in Gent studerende kunstenares Liene Straupe. Van vrijdag 19\/06 14u tot zaterdag 20\/06 16u, in de Agora zaal : stands van Letse ambachtslui en ondernemers : \u201cDai\u013crade\u201d, \u201cHobbywool\u201d, \u201cMusic Baltica\u201d, \u201cPiebalgas Porcel\u0101na fabrika\u201d (porseleinfabriek van [&hellip;]<\/p>\n","protected":false},"author":6,"featured_media":0,"parent":0,"menu_order":0,"comment_status":"closed","ping_status":"closed","template":"","meta":{"_acf_changed":false,"footnotes":""},"class_list":["post-1489","page","type-page","status-publish","hentry"],"acf":[],"yoast_head":"<!-- This site is optimized with the Yoast SEO plugin v27.5 - https:\/\/yoast.com\/product\/yoast-seo-wordpress\/ -->\n<title>Programma - ELKS - Eiropas Latvie\u0161u kult\u016bras sv\u0113tki<\/title>\n<meta name=\"robots\" content=\"index, follow, max-snippet:-1, max-image-preview:large, max-video-preview:-1\" \/>\n<link rel=\"canonical\" href=\"https:\/\/www.elks2015.eu\/nl\/programme\/\" \/>\n<meta property=\"og:locale\" content=\"nl_NL\" \/>\n<meta property=\"og:type\" content=\"article\" \/>\n<meta property=\"og:title\" content=\"Programma - ELKS - Eiropas Latvie\u0161u kult\u016bras sv\u0113tki\" \/>\n<meta property=\"og:description\" content=\"Reserveer je zitplaats voor het ELKS concert Tijdens ELKS in Muntpunt, in de Agora zaal (foyer) : fototentoonstelling van de in Gent studerende kunstenares Liene Straupe. Van vrijdag 19\/06 14u tot zaterdag 20\/06 16u, in de Agora zaal : stands van Letse ambachtslui en ondernemers : \u201cDai\u013crade\u201d, \u201cHobbywool\u201d, \u201cMusic Baltica\u201d, \u201cPiebalgas Porcel\u0101na fabrika\u201d (porseleinfabriek van [&hellip;]\" \/>\n<meta property=\"og:url\" content=\"https:\/\/www.elks2015.eu\/nl\/programme\/\" \/>\n<meta property=\"og:site_name\" content=\"ELKS - Eiropas Latvie\u0161u kult\u016bras sv\u0113tki\" \/>\n<meta property=\"article:modified_time\" content=\"2015-06-14T22:48:33+00:00\" \/>\n<meta property=\"og:image\" content=\"https:\/\/www.elks2015.eu\/wp-content\/uploads\/foto_programma2.png\" \/>\n<meta name=\"twitter:label1\" content=\"Geschatte leestijd\" \/>\n\t<meta name=\"twitter:data1\" content=\"2 minuten\" \/>\n<script type=\"application\/ld+json\" class=\"yoast-schema-graph\">{\"@context\":\"https:\\\/\\\/schema.org\",\"@graph\":[{\"@type\":\"WebPage\",\"@id\":\"https:\\\/\\\/www.elks2015.eu\\\/nl\\\/programme\\\/\",\"url\":\"https:\\\/\\\/www.elks2015.eu\\\/nl\\\/programme\\\/\",\"name\":\"Programma - ELKS - Eiropas Latvie\u0161u kult\u016bras sv\u0113tki\",\"isPartOf\":{\"@id\":\"https:\\\/\\\/www.elks2015.eu\\\/#website\"},\"primaryImageOfPage\":{\"@id\":\"https:\\\/\\\/www.elks2015.eu\\\/nl\\\/programme\\\/#primaryimage\"},\"image\":{\"@id\":\"https:\\\/\\\/www.elks2015.eu\\\/nl\\\/programme\\\/#primaryimage\"},\"thumbnailUrl\":\"https:\\\/\\\/www.elks2015.eu\\\/wp-content\\\/uploads\\\/foto_programma2.png\",\"datePublished\":\"2014-12-15T22:55:46+00:00\",\"dateModified\":\"2015-06-14T22:48:33+00:00\",\"breadcrumb\":{\"@id\":\"https:\\\/\\\/www.elks2015.eu\\\/nl\\\/programme\\\/#breadcrumb\"},\"inLanguage\":\"nl-NL\",\"potentialAction\":[{\"@type\":\"ReadAction\",\"target\":[\"https:\\\/\\\/www.elks2015.eu\\\/nl\\\/programme\\\/\"]}]},{\"@type\":\"ImageObject\",\"inLanguage\":\"nl-NL\",\"@id\":\"https:\\\/\\\/www.elks2015.eu\\\/nl\\\/programme\\\/#primaryimage\",\"url\":\"https:\\\/\\\/www.elks2015.eu\\\/wp-content\\\/uploads\\\/foto_programma2.png\",\"contentUrl\":\"https:\\\/\\\/www.elks2015.eu\\\/wp-content\\\/uploads\\\/foto_programma2.png\"},{\"@type\":\"BreadcrumbList\",\"@id\":\"https:\\\/\\\/www.elks2015.eu\\\/nl\\\/programme\\\/#breadcrumb\",\"itemListElement\":[{\"@type\":\"ListItem\",\"position\":1,\"name\":\"Home\",\"item\":\"https:\\\/\\\/www.elks2015.eu\\\/\"},{\"@type\":\"ListItem\",\"position\":2,\"name\":\"Programma\"}]},{\"@type\":\"WebSite\",\"@id\":\"https:\\\/\\\/www.elks2015.eu\\\/#website\",\"url\":\"https:\\\/\\\/www.elks2015.eu\\\/\",\"name\":\"ELKS - Eiropas Latvie\u0161u kult\u016bras sv\u0113tki\",\"description\":\"18.-21.j\u016bnijs 2015, Brisele\",\"potentialAction\":[{\"@type\":\"SearchAction\",\"target\":{\"@type\":\"EntryPoint\",\"urlTemplate\":\"https:\\\/\\\/www.elks2015.eu\\\/?s={search_term_string}\"},\"query-input\":{\"@type\":\"PropertyValueSpecification\",\"valueRequired\":true,\"valueName\":\"search_term_string\"}}],\"inLanguage\":\"nl-NL\"}]}<\/script>\n<!-- \/ Yoast SEO plugin. -->","yoast_head_json":{"title":"Programma - ELKS - Eiropas Latvie\u0161u kult\u016bras sv\u0113tki","robots":{"index":"index","follow":"follow","max-snippet":"max-snippet:-1","max-image-preview":"max-image-preview:large","max-video-preview":"max-video-preview:-1"},"canonical":"https:\/\/www.elks2015.eu\/nl\/programme\/","og_locale":"nl_NL","og_type":"article","og_title":"Programma - ELKS - Eiropas Latvie\u0161u kult\u016bras sv\u0113tki","og_description":"Reserveer je zitplaats voor het ELKS concert Tijdens ELKS in Muntpunt, in de Agora zaal (foyer) : fototentoonstelling van de in Gent studerende kunstenares Liene Straupe. Van vrijdag 19\/06 14u tot zaterdag 20\/06 16u, in de Agora zaal : stands van Letse ambachtslui en ondernemers : \u201cDai\u013crade\u201d, \u201cHobbywool\u201d, \u201cMusic Baltica\u201d, \u201cPiebalgas Porcel\u0101na fabrika\u201d (porseleinfabriek van [&hellip;]","og_url":"https:\/\/www.elks2015.eu\/nl\/programme\/","og_site_name":"ELKS - Eiropas Latvie\u0161u kult\u016bras sv\u0113tki","article_modified_time":"2015-06-14T22:48:33+00:00","og_image":[{"url":"https:\/\/www.elks2015.eu\/wp-content\/uploads\/foto_programma2.png","type":"","width":"","height":""}],"twitter_misc":{"Geschatte leestijd":"2 minuten"},"schema":{"@context":"https:\/\/schema.org","@graph":[{"@type":"WebPage","@id":"https:\/\/www.elks2015.eu\/nl\/programme\/","url":"https:\/\/www.elks2015.eu\/nl\/programme\/","name":"Programma - ELKS - Eiropas Latvie\u0161u kult\u016bras sv\u0113tki","isPartOf":{"@id":"https:\/\/www.elks2015.eu\/#website"},"primaryImageOfPage":{"@id":"https:\/\/www.elks2015.eu\/nl\/programme\/#primaryimage"},"image":{"@id":"https:\/\/www.elks2015.eu\/nl\/programme\/#primaryimage"},"thumbnailUrl":"https:\/\/www.elks2015.eu\/wp-content\/uploads\/foto_programma2.png","datePublished":"2014-12-15T22:55:46+00:00","dateModified":"2015-06-14T22:48:33+00:00","breadcrumb":{"@id":"https:\/\/www.elks2015.eu\/nl\/programme\/#breadcrumb"},"inLanguage":"nl-NL","potentialAction":[{"@type":"ReadAction","target":["https:\/\/www.elks2015.eu\/nl\/programme\/"]}]},{"@type":"ImageObject","inLanguage":"nl-NL","@id":"https:\/\/www.elks2015.eu\/nl\/programme\/#primaryimage","url":"https:\/\/www.elks2015.eu\/wp-content\/uploads\/foto_programma2.png","contentUrl":"https:\/\/www.elks2015.eu\/wp-content\/uploads\/foto_programma2.png"},{"@type":"BreadcrumbList","@id":"https:\/\/www.elks2015.eu\/nl\/programme\/#breadcrumb","itemListElement":[{"@type":"ListItem","position":1,"name":"Home","item":"https:\/\/www.elks2015.eu\/"},{"@type":"ListItem","position":2,"name":"Programma"}]},{"@type":"WebSite","@id":"https:\/\/www.elks2015.eu\/#website","url":"https:\/\/www.elks2015.eu\/","name":"ELKS - Eiropas Latvie\u0161u kult\u016bras sv\u0113tki","description":"18.-21.j\u016bnijs 2015, Brisele","potentialAction":[{"@type":"SearchAction","target":{"@type":"EntryPoint","urlTemplate":"https:\/\/www.elks2015.eu\/?s={search_term_string}"},"query-input":{"@type":"PropertyValueSpecification","valueRequired":true,"valueName":"search_term_string"}}],"inLanguage":"nl-NL"}]}},"_links":{"self":[{"href":"https:\/\/www.elks2015.eu\/nl\/wp-json\/wp\/v2\/pages\/1489","targetHints":{"allow":["GET"]}}],"collection":[{"href":"https:\/\/www.elks2015.eu\/nl\/wp-json\/wp\/v2\/pages"}],"about":[{"href":"https:\/\/www.elks2015.eu\/nl\/wp-json\/wp\/v2\/types\/page"}],"author":[{"embeddable":true,"href":"https:\/\/www.elks2015.eu\/nl\/wp-json\/wp\/v2\/users\/6"}],"replies":[{"embeddable":true,"href":"https:\/\/www.elks2015.eu\/nl\/wp-json\/wp\/v2\/comments?post=1489"}],"version-history":[{"count":0,"href":"https:\/\/www.elks2015.eu\/nl\/wp-json\/wp\/v2\/pages\/1489\/revisions"}],"wp:attachment":[{"href":"https:\/\/www.elks2015.eu\/nl\/wp-json\/wp\/v2\/media?parent=1489"}],"curies":[{"name":"wp","href":"https:\/\/api.w.org\/{rel}","templated":true}]}}